{"id":4274,"date":"2025-09-25T15:59:46","date_gmt":"2025-09-25T14:59:46","guid":{"rendered":"https:\/\/staging.atlanticlanguage.com\/?page_id=4274"},"modified":"2025-10-14T14:51:37","modified_gmt":"2025-10-14T13:51:37","slug":"terms-and-conditions","status":"publish","type":"page","link":"https:\/\/atlanticlanguage.com\/hu\/terms-and-conditions\/","title":{"rendered":"\u00c1ltal\u00e1nos Szerz\u0151d\u00e9si Felt\u00e9telek"},"content":{"rendered":"<div data-elementor-type=\"wp-page\" data-elementor-id=\"4274\" class=\"elementor elementor-4274\" data-elementor-settings=\"{&quot;ha_cmc_init_switcher&quot;:&quot;no&quot;}\" data-elementor-post-type=\"page\">\n\t\t\t\t<div class=\"elementor-element elementor-element-4cbc43d0 e-flex e-con-boxed e-con e-parent\" data-id=\"4cbc43d0\" data-element_type=\"container\" data-e-type=\"container\" data-settings=\"{&quot;background_background&quot;:&quot;classic&quot;,&quot;_ha_eqh_enable&quot;:false}\">\n\t\t\t\t\t<div class=\"e-con-inner\">\n\t\t<div class=\"elementor-element elementor-element-62d24072 e-con-full e-flex e-con e-child\" data-id=\"62d24072\" data-element_type=\"container\" data-e-type=\"container\" data-settings=\"{&quot;_ha_eqh_enable&quot;:false}\">\n\t\t\t\t<div class=\"elementor-element elementor-element-21f64faa elementor-widget elementor-widget-heading\" data-id=\"21f64faa\" data-element_type=\"widget\" data-e-type=\"widget\" data-widget_type=\"heading.default\">\n\t\t\t\t<div class=\"elementor-widget-container\">\n\t\t\t\t\t<h2 class=\"elementor-heading-title elementor-size-default\">\u00c1ltal\u00e1nos Szerz\u0151d\u00e9si Felt\u00e9telek<\/h2>\t\t\t\t<\/div>\n\t\t\t\t<\/div>\n\t\t\t\t<\/div>\n\t\t\t\t\t<\/div>\n\t\t\t\t<\/div>\n\t\t<div class=\"elementor-element elementor-element-67f5341e e-flex e-con-boxed e-con e-parent\" data-id=\"67f5341e\" data-element_type=\"container\" data-e-type=\"container\" data-settings=\"{&quot;_ha_eqh_enable&quot;:false}\">\n\t\t\t\t\t<div class=\"e-con-inner\">\n\t\t\t\t<div class=\"elementor-element elementor-element-4ceeb92d elementor-widget elementor-widget-text-editor\" data-id=\"4ceeb92d\" data-element_type=\"widget\" data-e-type=\"widget\" data-widget_type=\"text-editor.default\">\n\t\t\t\t<div class=\"elementor-widget-container\">\n\t\t\t\t\t\t\t\t\t\n<h3 class=\"wp-block-heading\"><strong>Foglal\u00e1s \u00e9s d\u00edjfizet\u00e9s<\/strong><\/h3>\n<p>Foglalni a https:\/\/atlanticlanguage.com\/ oldalon tal\u00e1lhat\u00f3 online foglal\u00e1si \u0171rlapon kereszt\u00fcl lehet.<\/p>\n<p>Az iskola minden foglal\u00e1st k\u00e9t munkanapon bel\u00fcl visszaigazol.<\/p>\n<p>Az Atlantic Centre of Education e-mailben k\u00fcld ideiglenes visszaigazol\u00e1st a foglal\u00e1sr\u00f3l, amint megkapta a kit\u00f6lt\u00f6tt foglal\u00e1si \u0171rlapot.<\/p>\n<p>Amint a hallgat\u00f3 v\u00e1llalja a foglal\u00e1st, az iskola r\u00e9szletes sz\u00e1ml\u00e1t \u00e1ll\u00edt ki. A sz\u00e1mla tartalmazza a foglal\u00e1s \u00e9s a foglal\u00e1si d\u00edjak minden r\u00e9szlet\u00e9t.<\/p>\n<p>A teljes d\u00edj megfizet\u00e9se az \u00e9rkez\u00e9s napja el\u0151tt legal\u00e1bb 28 nappal sz\u00fcks\u00e9ges.<\/p>\n<p>A tanfolyam kezd\u0151napja el\u0151tt kevesebb mint 28 nappal t\u00f6rt\u00e9n\u0151 foglal\u00e1s eset\u00e9n a teljes \u00f6sszeget a foglal\u00e1skor kell kifizetni.<\/p>\n<div class=\"ub-block-list__layout\">\n<ul>\n<li id=\"ub-styled-list-item-529a71ff-4ae5-4e4b-8831-1729d3d0f007\" class=\"ub_styled_list_item\">\n<div class=\"ub_list_item_content\"><span class=\"ub_list_item_text\">A fizet\u00e9s kiz\u00e1r\u00f3lag eur\u00f3ban t\u00f6rt\u00e9nhet banki \u00e1tutal\u00e1ssal, hitel- vagy bet\u00e9ti k\u00e1rty\u00e1val (Visa \/ MasterCard), illetve Flywire-en kereszt\u00fcl. A banki k\u00f6lts\u00e9gek a hallgat\u00f3t terhelik. Hitelk\u00e1rty\u00e1s, valamint nem \u00edr kibocs\u00e1t\u00e1s\u00fa bet\u00e9ti k\u00e1rty\u00e1val t\u00f6rt\u00e9n\u0151 fizet\u00e9s eset\u00e9n a teljes tranzakci\u00f3s \u00f6sszeg 2,0%-\u00e1nak megfelel\u0151 adminisztr\u00e1ci\u00f3s d\u00edjat sz\u00e1m\u00edtunk fel.<\/span><\/div>\n<\/li>\n<li id=\"ub-styled-list-item-25b01e90-bc93-4d43-9f29-fdf3630b709c\" class=\"ub_styled_list_item\">\n<div class=\"ub_list_item_content\"><span class=\"ub_list_item_text\">Minden befizet\u00e9snek tartalmaznia kell a fizet\u00e9si hivatkoz\u00e1st vagy a sz\u00e1mlasz\u00e1mot, valamint a hallgat\u00f3 nev\u00e9t. Az Atlantic Centre of Education nem tudja garant\u00e1lni a befizet\u00e9s be\u00e9rkez\u00e9s\u00e9nek igazol\u00e1s\u00e1t, amennyiben ezek az adatok hi\u00e1nyoznak.<\/span><\/div>\n<\/li>\n<li id=\"ub-styled-list-item-fe548fac-fe45-4c3d-b32d-c23e5e81772f\" class=\"ub_styled_list_item\">\n<div class=\"ub_list_item_content\"><span class=\"ub_list_item_text\">Az Atlantic Centre of Education fenntartja a jogot, hogy el\u0151zetes \u00e9rtes\u00edt\u00e9s n\u00e9lk\u00fcl t\u00f6r\u00f6lj\u00f6n b\u00e1rmilyen meg\u00e1llapod\u00e1st vagy foglal\u00e1st, amennyiben a d\u00edjfizet\u00e9si felt\u00e9telek nem teljes\u00fclnek.<\/span><\/div>\n<\/li>\n<\/ul>\n<\/div>\n<p>Minden foglal\u00e1sra az iskola \u00e1ltal\u00e1nos szerz\u0151d\u00e9si felt\u00e9telei vonatkoznak.<\/p>\n<h3 class=\"wp-block-heading\"><strong>Foglal\u00e1sok lemond\u00e1sa<\/strong><\/h3>\n<p>A lemond\u00e1sr\u00f3l sz\u00f3l\u00f3 \u00e9rtes\u00edt\u00e9st \u00edr\u00e1sban kell beny\u00fajtani, \u00e9s az az Atlantic Centre of Education \u00e1ltali k\u00e9zhezv\u00e9tel napj\u00e1t\u00f3l l\u00e9p \u00e9rv\u00e9nybe. * **<\/p>\n<figure class=\"wp-block-table aligncenter is-style-stripes\">\n<table>\n<thead>\n<tr>\n<th class=\"has-text-align-left\" data-align=\"left\">N\u00e9h\u00e1ny nappal az \u00e9rkez\u00e9s el\u0151tt<\/th>\n<th class=\"has-text-align-left\" data-align=\"left\">Visszat\u00e9r\u00edthet\u0151 d\u00edjak<\/th>\n<\/tr>\n<\/thead>\n<tbody>\n<tr>\n<td class=\"has-text-align-left\" data-align=\"left\">28+ nap<\/td>\n<td class=\"has-text-align-left\" data-align=\"left\">Teljes d\u00edj megfizetve<\/td>\n<\/tr>\n<tr>\n<td class=\"has-text-align-left\" data-align=\"left\">14\u201327 nap<\/td>\n<td class=\"has-text-align-left\" data-align=\"left\">A teljes d\u00edj fizetend\u0151, legal\u00e1bb 250 eur\u00f3s d\u00edj mellett.<\/td>\n<\/tr>\n<tr>\n<td class=\"has-text-align-left\" data-align=\"left\">7\u201313 nap<\/td>\n<td class=\"has-text-align-left\" data-align=\"left\">A megfizetett d\u00edjak 50%-a, legal\u00e1bb 250 eur\u00f3s d\u00edj mellett.<\/td>\n<\/tr>\n<tr>\n<td class=\"has-text-align-left\" data-align=\"left\">Kevesebb mint 7 nap<\/td>\n<td class=\"has-text-align-left\" data-align=\"left\">A megfizetett d\u00edjak 30%-a, legal\u00e1bb 250 eur\u00f3s d\u00edj mellett.<\/td>\n<\/tr>\n<tr>\n<td class=\"has-text-align-left\" data-align=\"left\">\u00c9rkez\u00e9skor \/ \u00e9rkez\u00e9s ut\u00e1n<\/td>\n<td class=\"has-text-align-left\" data-align=\"left\">P\u00e9nzvisszat\u00e9r\u00edt\u00e9s nincs.<\/td>\n<\/tr>\n<\/tbody>\n<\/table>\n<figcaption class=\"wp-element-caption\">* A felt\u00e9telek a sz\u00e1ll\u00e1sd\u00edjakra is vonatkoznak.<br \/>** Ezek a felt\u00e9telek vis maior eset\u00e9n nem alkalmazand\u00f3k.<\/figcaption>\n<\/figure>\n<h3 class=\"wp-block-heading\"><strong>Vis major<\/strong><\/h3>\n<p>Az Atlantic Centre of Education nem vonhat\u00f3 felel\u0151ss\u00e9gre k\u00f6telezetts\u00e9gei nem teljes\u00edt\u00e9s\u00e9\u00e9rt, amennyiben a mulaszt\u00e1s vis maior (elh\u00e1r\u00edthatatlan k\u00fcls\u0151 ok) k\u00f6vetkezm\u00e9nye; ide\u00e9rtve t\u00f6bbek k\u00f6z\u00f6tt a term\u00e9szeti csap\u00e1sokat (pl. t\u0171zv\u00e9sz, \u00e1rv\u00edz, f\u00f6ldreng\u00e9s, vihar, hurrik\u00e1n, fert\u0151z\u0151 betegs\u00e9g vagy vil\u00e1gj\u00e1rv\u00e1ny, illetve egy\u00e9b, a felek \u00e9sszer\u0171 ellen\u0151rz\u00e9si k\u00f6r\u00e9n k\u00edv\u00fcl es\u0151 term\u00e9szeti katasztr\u00f3fa), h\u00e1bor\u00fat, inv\u00e1zi\u00f3t, ellens\u00e9ges t\u00e1mad\u00e1st, fegyveres konfliktust (f\u00fcggetlen\u00fcl att\u00f3l, hogy t\u00f6rt\u00e9nt-e hivatalos had\u00fczenet), polg\u00e1rh\u00e1bor\u00fat, l\u00e1zad\u00e1st, forradalmat, felkel\u00e9st, katonai vagy jogellenesen bitorolt \u200b\u200bhatalom int\u00e9zked\u00e9s\u00e9t, elkobz\u00e1st, terrorcselekm\u00e9nyt, \u00e1llamos\u00edt\u00e1st, korm\u00e1nyzati szankci\u00f3t, blok\u00e1dot, embarg\u00f3t, munka\u00fcgyi vit\u00e1t, sztr\u00e1jkot, kiz\u00e1r\u00e1st, valamint az \u00e1ram-, internet- vagy telefonszolg\u00e1ltat\u00e1s kimarad\u00e1s\u00e1t vagy meghib\u00e1sod\u00e1s\u00e1t. A COVID-19 fert\u0151z\u0151 betegs\u00e9gnek min\u0151s\u00fcl, amely vis maior esetnek tekintend\u0151. Ilyen k\u00f6r\u00fclm\u00e9nyek fenn\u00e1ll\u00e1sa eset\u00e9n d\u00edjvisszat\u00e9r\u00edt\u00e9sre nincs lehet\u0151s\u00e9g.<\/p>\n<p>Fert\u0151z\u0151 betegs\u00e9g j\u00e1rv\u00e1nyos terjed\u00e9se eset\u00e9n minden tanul\u00f3 \u00e9s\/vagy sz\u00fcl\u0151\/gondvisel\u0151 k\u00f6teles betartani a korm\u00e1nyzati szervek vagy az iskola \u00e1ltal meghat\u00e1rozott karant\u00e9nszab\u00e1lyokat.<\/p>\n<h3 class=\"wp-block-heading\"><strong>Foglal\u00e1sok m\u00f3dos\u00edt\u00e1sa (nem vonatkozik a tan\u00e9vprogramra)<\/strong><\/h3>\n<p>A tanfolyamok k\u00f6z\u00f6tti mindennem\u0171 v\u00e1ltoztat\u00e1s \u2013 bele\u00e9rtve az \u00e1ltal\u00e1nos angol tanfolyamr\u00f3l vizsgafelk\u00e9sz\u00edt\u0151 programra val\u00f3 \u00e1tv\u00e1lt\u00e1st, a csoportos tanfolyam magasabb szint\u0171re v\u00e1lt\u00e1s\u00e1t, valamint a csoportos k\u00e9pz\u00e9sr\u0151l mag\u00e1n\u00f3r\u00e1ra t\u00f6rt\u00e9n\u0151 \u00e1t\u00e1ll\u00e1st \u2013 a szabad helyek f\u00fcggv\u00e9ny\u00e9ben, kiz\u00e1r\u00f3lag a vezet\u0151s\u00e9g d\u00f6nt\u00e9se alapj\u00e1n lehets\u00e9ges.<\/p>\n<p>A tanfolyam megkezd\u00e9s\u00e9t megel\u0151z\u0151 7 napon bel\u00fcl m\u00e1r nincs lehet\u0151s\u00e9g a tanfolyam m\u00f3dos\u00edt\u00e1s\u00e1ra.<\/p>\n<p>A tanfolyamok id\u0151pontj\u00e1nak m\u00f3dos\u00edt\u00e1sa 7 nappal kor\u00e1bbi jelz\u00e9s eset\u00e9n, a szabad helyek f\u00fcggv\u00e9ny\u00e9ben lehets\u00e9ges.<\/p>\n<p>Nem j\u00e1r visszat\u00e9r\u00edt\u00e9s, amennyiben a tanfolyamot kev\u00e9sb\u00e9 intenz\u00edv tanfolyamra m\u00f3dos\u00edtj\u00e1k; a kev\u00e9sb\u00e9 intenz\u00edv tanfolyam id\u0151tartama nem haladhatja meg az eredeti foglal\u00e1s id\u0151tartam\u00e1t.<\/p>\n<p>A lefoglalt tanfolyamok nem ruh\u00e1zhat\u00f3k \u00e1t m\u00e1s szem\u00e9lyre.<\/p>\n<p>A foglal\u00e1s k\u00e9t alkalomn\u00e1l t\u00f6bbsz\u00f6ri m\u00f3dos\u00edt\u00e1sa 30 eur\u00f3s d\u00edjjal j\u00e1r.<\/p>\n<h3 class=\"wp-block-heading\"><strong>A tan\u00e9vprogramra sz\u00f3l\u00f3 foglal\u00e1sok m\u00f3dos\u00edt\u00e1sa<\/strong><\/h3>\n<p>A tanfolyam megkezd\u00e9s\u00e9t k\u00f6vet\u0151en a hallgat\u00f3k egyszer v\u00e1lthatnak tanfolyamot (pl. AYGE-r\u0151l IELTS-re, d\u00e9lel\u0151tti csoportb\u00f3l d\u00e9lut\u00e1niba) regisztr\u00e1ci\u00f3s d\u00edj megfizet\u00e9se n\u00e9lk\u00fcl; a tanfolyamok \u00e1ra k\u00f6z\u00f6tti esetleges k\u00fcl\u00f6nb\u00f6zetet azonban ki kell fizetni.<\/p>\n<p>A tanfolyamok k\u00f6z\u00f6tti mindennem\u0171 v\u00e1lt\u00e1s \u2013 bele\u00e9rtve az \u00e1ltal\u00e1nos angolr\u00f3l a vizsgafelk\u00e9sz\u00edt\u0151 programokra val\u00f3 \u00e1tjelentkez\u00e9st is \u2013 a szabad helyek f\u00fcggv\u00e9ny\u00e9ben, valamint a vezet\u0151s\u00e9g kiz\u00e1r\u00f3lagos d\u00f6nt\u00e9se alapj\u00e1n t\u00f6rt\u00e9nik.<\/p>\n<p>A m\u00e1sodik m\u00f3dos\u00edt\u00e1st\u00f3l kezd\u0151d\u0151en m\u00f3dos\u00edt\u00e1sonk\u00e9nt 30 eur\u00f3s d\u00edj ker\u00fcl felsz\u00e1m\u00edt\u00e1sra.<\/p>\n<p>Nem j\u00e1r p\u00e9nzvisszat\u00e9r\u00edt\u00e9s, amennyiben a tanfolyamot kev\u00e9sb\u00e9 intenz\u00edvre m\u00f3dos\u00edtj\u00e1k; a kev\u00e9sb\u00e9 intenz\u00edv tanfolyam id\u0151tartama nem haladhatja meg az eredeti foglal\u00e1s szerinti id\u0151tartamot.<\/p>\n<p>A lefoglalt tanfolyamok nem ruh\u00e1zhat\u00f3k \u00e1t m\u00e1s szem\u00e9lyre.<\/p>\n<p>A tanfolyamhoz kapcsol\u00f3d\u00f3 sz\u00fcnnapok nem m\u00f3dos\u00edthat\u00f3k.<\/p>\n<p>A tanfolyam meghosszabb\u00edt\u00e1sa vagy szintj\u00e9nek emel\u00e9se d\u00edjmentesen lehets\u00e9ges.<\/p>\n<h3 class=\"wp-block-heading\"><strong>\u00c1ltal\u00e1nos tudnival\u00f3k<\/strong><\/h3>\n<p>Az \u00e1ltal\u00e1nos angol, \u00fczleti angol, valamint az IELTS- \u00e9s akad\u00e9miai angol nyelv\u0171 \u00e9ves tanfolyamok b\u00e1rmelyik h\u00e9tf\u0151n \u2013 vagy munkasz\u00fcneti nap miatti sz\u00fcks\u00e9gess\u00e9g eset\u00e9n kedden \u2013 indulnak. A munkasz\u00fcneti napok miatt elmaradt \u00f3r\u00e1kat nem p\u00f3tolj\u00e1k.<\/p>\n<p>Speci\u00e1lis tanfolyamok \u2013 k\u00f6zt\u00fck Cambridge-i vizsgafelk\u00e9sz\u00edt\u0151 \u00e9s 30 \u00e9v felettieknek sz\u00f3l\u00f3 kurzusok \u2013 meghat\u00e1rozott id\u0151pontokban \u00e9rhet\u0151k el.<\/p>\n<p>Minden \u00f3ra 45 perces, kiv\u00e9ve a mag\u00e1n\u00f3r\u00e1kat, amelyek 60 percesek (a mag\u00e1n\u00f3r\u00e1k holtszezonban \u00e9rhet\u0151k el, f\u0151szezonban pedig ig\u00e9ny szerint vehet\u0151k ig\u00e9nybe).<\/p>\n<p>Feln\u0151tteknek sz\u00f3l\u00f3 csoportos \u00f3r\u00e1kon a csoport maxim\u00e1lis l\u00e9tsz\u00e1ma 14 f\u0151.<\/p>\n<p>A feln\u0151tteknek sz\u00f3l\u00f3 tanfolyamokon val\u00f3 r\u00e9szv\u00e9tel als\u00f3 korhat\u00e1ra 18 \u00e9v.<\/p>\n<p>Az Atlantic Centre of Education fenntartja a jogot a tanfolyam t\u00f6rl\u00e9s\u00e9re, amennyiben nincs r\u00e1 megfelel\u0151 kereslet. Ebben az esetben a teljes \u00f6sszeget visszat\u00e9r\u00edtik.<\/p>\n<p>Az \u00f3r\u00e1k \u00e1ltal\u00e1ban 9:00-kor kezd\u0151dnek, az \u00f3rarend azonban v\u00e1ltozhat. Az \u00f3r\u00e1k minden esetben h\u00e9tf\u0151t\u0151l p\u00e9ntekig, 9:00 \u00e9s 17:15 k\u00f6z\u00f6tt zajlanak. Minden v\u00e1ltoz\u00e1sr\u00f3l el\u0151zetesen t\u00e1j\u00e9koztat\u00e1st adunk.<\/p>\n<p>Az IELTS- \u00e9s Cambridge-vizsgafelk\u00e9sz\u00edt\u0151, valamint az Erasmus-tanfolyamok ind\u00edt\u00e1s\u00e1hoz legal\u00e1bb 8 f\u0151 sz\u00fcks\u00e9ges. Amennyiben ez a l\u00e9tsz\u00e1m nem gy\u0171lik \u00f6ssze, alternat\u00edv tanfolyamot aj\u00e1nlhatunk fel.<\/p>\n<p>Speci\u00e1lis \u00e9trendi vagy eg\u00e9szs\u00e9g\u00fcgyi ig\u00e9nyekkel rendelkez\u0151 tanul\u00f3k felv\u00e9tel\u00e9r\u0151l kiz\u00e1r\u00f3lag az Atlantic Centre of Education d\u00f6nt saj\u00e1t bel\u00e1t\u00e1sa szerint.<\/p>\n<h3 class=\"wp-block-heading\"><strong>Visas<\/strong><\/h3>\n<p>A nem EU\/EGT-\u00e1llampolg\u00e1r di\u00e1koknak tanulm\u00e1nyi v\u00edzumra lehet sz\u00fcks\u00e9g\u00fck \u00cdrorsz\u00e1gba val\u00f3 bel\u00e9p\u00e9shez. Azoknak a di\u00e1koknak, akik tanulm\u00e1nyaik mellett dolgozni szeretn\u00e9nek, be kell iratkozniuk egy tan\u00e9vre sz\u00f3l\u00f3 k\u00e9pz\u00e9si programra, valamint regisztr\u00e1lniuk kell egy elismert vizsg\u00e1ra is.\u00a0<\/p>\n<p>A foglal\u00e1s feldolgoz\u00e1sa el\u0151tt 300 eur\u00f3s d\u00edjat kell megfizetni, amely nem visszat\u00e9r\u00edtend\u0151 el\u0151legnek min\u0151s\u00fcl.\u00a0<\/p>\n<p>Az \u00edr hat\u00f3s\u00e1gok \u00e1ltali v\u00edzumk\u00e9relem-feldolgoz\u00e1s legal\u00e1bb 6 hetet vesz ig\u00e9nybe.\u00a0\u00a0<\/p>\n<p>A v\u00edzumk\u00e9relem beny\u00fajt\u00e1sakor minden iskolai d\u00edjat el\u0151re ki kell fizetni.\u00a0<\/p>\n<p>A befizetett d\u00edjak (a 300 eur\u00f3s adminisztr\u00e1ci\u00f3s d\u00edj kiv\u00e9tel\u00e9vel) kiz\u00e1r\u00f3lag az al\u00e1bbi esetekben t\u00e9r\u00edthet\u0151k vissza:\u00a0<\/p>\n<div class=\"ub-block-list__layout\">\n<ul>\n<li id=\"ub-styled-list-item-9a5f0203-761d-4c06-9410-bae53036f42d\" class=\"ub_styled_list_item\">\n<div class=\"ub_list_item_content\"><span class=\"ub_list_item_text\"><strong>Az \u00edrorsz\u00e1gi utaz\u00e1s el\u0151tt elutas\u00edtj\u00e1k a v\u00edzumot.<\/strong>\u00a0<\/span><\/div>\n<\/li>\n<li id=\"ub-styled-list-item-dac63b66-bb74-4d45-8a52-98c58fd754f5\" class=\"ub_styled_list_item\">\n<div class=\"ub_list_item_content\"><span class=\"ub_list_item_text\"><strong>\u00cdrorsz\u00e1gba \u00e9rkez\u00e9skor megtagadj\u00e1k a bel\u00e9p\u00e9si enged\u00e9lyt, \u00e9s a di\u00e1knak vissza kell t\u00e9rnie az indul\u00e1si hely\u00e9re.<\/strong>\u00a0<\/span><\/div>\n<\/li>\n<li id=\"ub-styled-list-item-7138e4ea-344d-4535-8d46-859564e1c40c\" class=\"ub_styled_list_item\">\n<div class=\"ub_list_item_content\"><span class=\"ub_list_item_text\"><strong>Az \u00cdrorsz\u00e1gban val\u00f3 tart\u00f3zkod\u00e1sra vonatkoz\u00f3 enged\u00e9lyt (az \u00fatlev\u00e9lbe bejegyzett d\u00e1tumot k\u00f6vet\u0151en) \u00cdrorsz\u00e1gba \u00e9rkez\u00e9skor megtagadj\u00e1k \u2013 az \u00e9rkez\u00e9st\u0151l sz\u00e1m\u00edtott kezdeti enged\u00e9lyezett id\u0151szakon t\u00fali id\u0151szakra befizetett d\u00edjakat visszat\u00e9r\u00edtik.<\/strong>\u00a0<\/span><\/div>\n<\/li>\n<li id=\"ub-styled-list-item-31cd2253-29ad-4807-a43b-af2d853533ac\" class=\"ub_styled_list_item\">\n<div class=\"ub_list_item_content\"><span class=\"ub_list_item_text\"><strong>Elutas\u00edtott\u00e1k a v\u00edzum vagy a tart\u00f3zkod\u00e1si enged\u00e9ly meghosszabb\u00edt\u00e1sa ir\u00e1nti k\u00e9relmet.<\/strong>\u00a0<\/span><\/div>\n<\/li>\n<\/ul>\n<\/div>\n<p>\u00a0<\/p>\n<p>A foglal\u00e1s meghosszabb\u00edt\u00e1s\u00e1\u00e9rt kifizetett d\u00edjakat visszat\u00e9r\u00edtj\u00fck, kiv\u00e9ve a meghosszabb\u00edtott tanfolyam m\u00e1r ig\u00e9nybe vett r\u00e9sz\u00e9t.\u00a0<\/p>\n<p>A d\u00edjak nem ker\u00fclnek visszat\u00e9r\u00edt\u00e9sre, amennyiben a v\u00edzumk\u00e9relmet hamis adatok megad\u00e1sa miatt utas\u00edtj\u00e1k el.\u00a0<\/p>\n<p>A v\u00edzum megad\u00e1s\u00e1t k\u00f6vet\u0151en a d\u00edjak nem t\u00e9r\u00edthet\u0151k vissza, m\u00e9g akkor sem, ha a hat\u00f3s\u00e1gok k\u00e9sleltetik a v\u00edzum ki\u00e1ll\u00edt\u00e1s\u00e1t. Ilyen esetben a tanfolyam \u00e9s a sz\u00e1ll\u00e1s foglal\u00e1sa teljes eg\u00e9sz\u00e9ben elhalaszthat\u00f3 a v\u00edzumkiad\u00e1s k\u00e9sedelm\u00e9nek megfelel\u0151 sz\u00e1m\u00fa h\u00e9ttel, amennyiben err\u0151l legal\u00e1bb 14 nappal kor\u00e1bban \u00edr\u00e1sos \u00e9rtes\u00edt\u00e9st k\u00fcldenek az Atlantic Centre of Education r\u00e9sz\u00e9re. A tanfolyam d\u00edja v\u00e1ltozhat, amennyiben maga a tanfolyam nem v\u00e1ltozik.\u00a0<\/p>\n<p>A hallgat\u00f3 saj\u00e1t felel\u0151ss\u00e9ge, hogy tiszt\u00e1ban legyen az \u00edr hat\u00f3s\u00e1gok v\u00edzum- \u00e9s bev\u00e1ndorl\u00e1si regisztr\u00e1ci\u00f3s el\u0151\u00edr\u00e1saival, \u00e9s azoknak megfeleljen. Az Atlantic Centre of Education seg\u00edts\u00e9get ny\u00fajt ebben, de nem v\u00e1llal felel\u0151ss\u00e9get a hallgat\u00f3kat terhel\u0151 jogi k\u00f6telezetts\u00e9gek\u00e9rt.\u00a0<\/p>\n<p>A visszat\u00e9r\u00edt\u00e9si k\u00e9relmeket e-mailben kell elk\u00fcldeni a k\u00f6vetkez\u0151 c\u00edmre:<a href=\"mailto:contact@atlantic.ac\" target=\"_blank\" rel=\"noreferrer noopener\"><strong>contact@atlantic.ac<\/strong>.<\/a>Minden visszat\u00e9r\u00edt\u00e9si k\u00e9relemnek tartalmaznia kell a v\u00edzumk\u00e9relem elutas\u00edt\u00e1s\u00e1r\u00f3l sz\u00f3l\u00f3 levelet, a v\u00edzumk\u00e9relem vagy a GNIB sz\u00e1m\u00e1t, valamint egy\u00e9rtelm\u0171 igazol\u00e1st arr\u00f3l, hogy a k\u00e9relmez\u0151 nem tart\u00f3zkodik \u00cdrorsz\u00e1gban.\u00a0<\/p>\n<p>A regisztr\u00e1ci\u00f3s felel\u0151s t\u00e1j\u00e9koztatja a visszat\u00e9r\u00edt\u00e9st ig\u00e9nyl\u0151 felet a k\u00e9relem beny\u00fajt\u00e1s\u00e1hoz sz\u00fcks\u00e9ges dokumentumokr\u00f3l \u00e9s bizony\u00edt\u00e9kokr\u00f3l, valamint visszaigazolja a hi\u00e1nytalan k\u00e9relem be\u00e9rkez\u00e9s\u00e9t.<\/p>\n<p>A visszat\u00e9r\u00edt\u00e9sek feldolgoz\u00e1sa az Atlantic Centre of Education r\u00e9sz\u00e9re beny\u00fajtott, hi\u00e1nytalan visszat\u00e9r\u00edt\u00e9si k\u00e9relem k\u00e9zhezv\u00e9tel\u00e9t\u0151l sz\u00e1m\u00edtott 21 munkanapon bel\u00fcl t\u00f6rt\u00e9nik. A visszat\u00e9r\u00edt\u00e9s eur\u00f3ban t\u00f6rt\u00e9nik, \u00e9s kiz\u00e1r\u00f3lag a regisztr\u00e1lt hallgat\u00f3 banksz\u00e1ml\u00e1j\u00e1ra vagy bankk\u00e1rty\u00e1j\u00e1ra utalhat\u00f3. A bankok tov\u00e1bbi \u00e1tutal\u00e1si, deviza\u00e1tv\u00e1lt\u00e1si \u00e9s j\u00f3v\u00e1\u00edr\u00e1si d\u00edjakat sz\u00e1m\u00edthatnak fel.<\/p>\n<h3 class=\"wp-block-heading\"><strong>Az enged\u00e9ly regisztr\u00e1l\u00e1sa<\/strong><\/h3>\n<p>Ha innen \u00e9rkezik:<strong>k\u00edv\u00fcl<\/strong>az EU, az EGT, az Egyes\u00fclt Kir\u00e1lys\u00e1g vagy Sv\u00e1jc \u00e1llampolg\u00e1ra, \u00e9s 90 napn\u00e1l hosszabb ideig k\u00edv\u00e1n \u00cdrorsz\u00e1gban tart\u00f3zkodni, regisztr\u00e1lnia kell tart\u00f3zkod\u00e1si enged\u00e9ly\u00e9t az Immigration Service Delivery (ISD) szervezetn\u00e9l. Ez azt jelenti, hogy regisztr\u00e1lnia kell az enged\u00e9ly\u00e9t, amennyiben<strong>munka<\/strong>,\u202f<strong>tanulm\u00e1ny<\/strong>,\u202f<strong>\u00e9l\u0151<\/strong>vagy<strong>csatlakoz\u00e1s a<\/strong>\u202f<strong>csal\u00e1dhoz<\/strong>\u00cdrorsz\u00e1gban.\u00a0<\/p>\n<p>Lehet, hogy a rep\u00fcl\u0151t\u00e9ren egy bev\u00e1ndorl\u00e1si tisztvisel\u0151 eml\u00e9keztette \u00d6nt az enged\u00e9lye regisztr\u00e1l\u00e1s\u00e1ra. Az enged\u00e9lyt \u00cdrorsz\u00e1gba \u00e9rkez\u00e9s\u00e9t\u0151l sz\u00e1m\u00edtott 90 napon bel\u00fcl regisztr\u00e1ltatnia kell.\u00a0<\/p>\n<p>Minden enged\u00e9ly egy adott \u201eStamp\u201d (b\u00e9lyegz\u0151\/kateg\u00f3ria) besorol\u00e1shoz tartozik. Az a kateg\u00f3ria, amelybe a tart\u00f3zkod\u00e1si enged\u00e9lye besorol\u00e1sra ker\u00fcl, att\u00f3l f\u00fcgg, hogy milyen jogc\u00edmen adj\u00e1k meg az enged\u00e9lyt (p\u00e9ld\u00e1ul Stamp 1, Stamp 1H, Stamp 2 vagy Stamp 4). Mindegyik kateg\u00f3ria meghat\u00e1rozza az orsz\u00e1gban val\u00f3 tart\u00f3zkod\u00e1s felt\u00e9teleit.\u00a0<\/p>\n<p>2025. janu\u00e1r 13-t\u00f3l az \u00cdr K\u00f6zt\u00e1rsas\u00e1gban az \u00f6sszes k\u00e9relmez\u0151 regisztr\u00e1l\u00e1s\u00e1nak feladata \u00e1tker\u00fcl az Immigration Service Delivery (ISD) hat\u00e1sk\u00f6r\u00e9be, \u00e9s azt a tov\u00e1bbiakban m\u00e1r nem a Garda National Immigration Bureau (GNIB) l\u00e1tja el.\u00a0<\/p>\n<p>Az \u00cdr K\u00f6zt\u00e1rsas\u00e1gban \u00e9l\u0151 \u00f6sszes lakos els\u0151 regisztr\u00e1ci\u00f3j\u00e1t az Immigration Service Delivery (ISD) v\u00e9gzi.\u00a0<\/p>\n<p>A regisztr\u00e1ci\u00f3s iroda itt tal\u00e1lhat\u00f3:<strong>13-14 Burgh Quay, Dublin 2, D02 XK70<\/strong>.\u00a0<\/p>\n<p>\u00cdme, mit \u00e9rdemes tudni id\u0151pontfoglal\u00e1skor:\u00a0<\/p>\n<p>1. Hogyan k\u00e9rj\u00fcnk id\u0151pontot\u00a0<\/p>\n<p>Kell<a href=\"https:\/\/www.irishimmigration.ie\/burgh-quay-appointments\/\" target=\"_blank\" rel=\"noreferrer noopener\"><strong>Id\u0151pontot k\u00e9r a nyilv\u00e1ntart\u00f3 irod\u00e1n\u00e1l.<\/strong><\/a>.\u00a0<\/p>\n<p>Ha els\u0151 alkalommal regisztr\u00e1l enged\u00e9lyt:\u00a0<\/p>\n<ul class=\"wp-block-list\">\n<li>Id\u0151pontfoglal\u00e1s\u00e9rt nem kell d\u00edjat fizetnie.\u00a0<\/li>\n<\/ul>\n<ul class=\"wp-block-list\">\n<li>Azonban el\u0151fordulhat, hogy felk\u00e9rik \u00d6nt egy<a class=\"__mPS2id\" href=\"https:\/\/www.irishimmigration.ie\/registering-your-immigration-permission\/how-to-register-your-immigration-permission-for-the-first-time\/required-documents\/#fees\" target=\"_blank\" rel=\"noreferrer noopener\"><strong>regisztr\u00e1ci\u00f3s d\u00edj<\/strong><\/a>...hogy kifizesse az enged\u00e9lyhez sz\u00fcks\u00e9ges illet\u00e9kb\u00e9lyeg \u00e1r\u00e1t. Ez az \u00f6sszeg el\u00e9rheti a 300 eur\u00f3t is, de a pontos d\u00edj att\u00f3l f\u00fcgg, milyen t\u00edpus\u00fa enged\u00e9lyt kapott. A fizetend\u0151 \u00f6sszegr\u0151l a regisztr\u00e1ci\u00f3 sor\u00e1n t\u00e1j\u00e9koztatj\u00e1k. A d\u00edjat a tal\u00e1lkoz\u00f3 alkalm\u00e1val hitel- vagy bet\u00e9ti k\u00e1rty\u00e1val is rendezheti.\u00a0<\/li>\n<\/ul>\n<ul class=\"wp-block-list\">\n<li>A Beiratkoz\u00e1si Iroda kerekessz\u00e9kkel megk\u00f6zel\u00edthet\u0151. Ha speci\u00e1lis ig\u00e9nyei vannak, vagy tolm\u00e1csra van sz\u00fcks\u00e9ge, vegye fel vel\u00fcnk a kapcsolatot a k\u00f6vetkez\u0151 el\u00e9rhet\u0151s\u00e9geken:<a href=\"https:\/\/portal.irishimmigration.ie\/en\/\" target=\"_blank\" rel=\"noreferrer noopener\"><strong>\u00dcgyf\u00e9lszolg\u00e1lati fi\u00f3k<\/strong><\/a>Regisztr\u00e1lhat egy fi\u00f3kot, vagy bejelentkezhet megl\u00e9v\u0151 fi\u00f3kj\u00e1ba.\u00a0<\/li>\n<\/ul>\n<p>2. Mit vigyen mag\u00e1val a tal\u00e1lkoz\u00f3ra\u00a0<\/p>\n<ul class=\"wp-block-list\">\n<li>A dokumentumai \u2013 itt egy<a href=\"https:\/\/www.irishimmigration.ie\/registering-your-immigration-permission\/how-to-register-your-immigration-permission-for-the-first-time\/required-documents\/\" target=\"_blank\" rel=\"noreferrer noopener\"><strong>a sz\u00fcks\u00e9ges dokumentumok teljes list\u00e1ja<\/strong><\/a>hogy els\u0151 alkalommal regisztr\u00e1ltassa bev\u00e1ndorl\u00e1si enged\u00e9ly\u00e9t.\u00a0<\/li>\n<\/ul>\n<ul class=\"wp-block-list\">\n<li>A regisztr\u00e1ci\u00f3s d\u00edj, amennyiben relev\u00e1ns.\u00a0<\/li>\n<\/ul>\n<p>3. Mire sz\u00e1m\u00edthat a tal\u00e1lkoz\u00f3 sor\u00e1n?\u00a0<\/p>\n<p>Amikor meg\u00e9rkezik a regisztr\u00e1ci\u00f3s irod\u00e1ba, k\u00e9rj\u00fck, jelentkezzen be az automat\u00e1kn\u00e1l, hogy megkapja sorsz\u00e1m\u00e1t. Foglaljon helyet; egy bev\u00e1ndorl\u00e1si tisztvisel\u0151 fogja sz\u00f3l\u00edtani, amikor \u00d6nre ker\u00fcl a sor.\u00a0<\/p>\n<p>A regisztr\u00e1ci\u00f3s id\u0151pont sor\u00e1n \u00d6n:\u00a0<\/p>\n<ul class=\"wp-block-list\">\n<li>Ellen\u0151riztesse a dokumentumait.\u00a0<\/li>\n<\/ul>\n<ul class=\"wp-block-list\">\n<li>F\u00e9nyk\u00e9peztesse le mag\u00e1t \u00e9s vegyen ujjlenyomatot.\u00a0<\/li>\n<\/ul>\n<ul class=\"wp-block-list\">\n<li>Fizessen be egy<a class=\"__mPS2id\" href=\"https:\/\/www.irishimmigration.ie\/registering-your-immigration-permission\/how-to-register-your-immigration-permission-for-the-first-time\/required-documents\/#fees\" target=\"_blank\" rel=\"noreferrer noopener\"><strong>d\u00edj<\/strong><\/a>ha sz\u00fcks\u00e9ges.\u00a0<\/li>\n<\/ul>\n<p>A l\u00e1togat\u00e1s nem tarthat tov\u00e1bb 30 percn\u00e9l.\u00a0<\/p>\n<h3 class=\"wp-block-heading\"><strong>Eg\u00e9szs\u00e9g- \u00e9s utasbiztos\u00edt\u00e1s<\/strong><\/h3>\n<p>Nyomat\u00e9kosan javasoljuk minden hallgat\u00f3nak, hogy k\u00f6ss\u00f6n \u00e1tfog\u00f3 \u00e9s megfelel\u0151 utas- \u00e9s eg\u00e9szs\u00e9gbiztos\u00edt\u00e1st. Az EU\/EGT-\u00e1llampolg\u00e1roknak aj\u00e1nlott legal\u00e1bb EHIC-et (Eur\u00f3pai Eg\u00e9szs\u00e9gbiztos\u00edt\u00e1si K\u00e1rty\u00e1t, kor\u00e1bbi nev\u00e9n E111-es nyomtatv\u00e1nyt) beszerezni\u00fck; r\u00e9szletek: <a href=\"http:\/\/www.hse.ie\/eng\/services\/list\/1\/schemes\/EHIC\/\">http:\/\/www.hse.ie\/eng\/services\/list\/1\/schemes\/EHIC\/<\/a><\/p>\n<p>A nem EU\/EGT-orsz\u00e1gokb\u00f3l \u00e9rkez\u0151 di\u00e1koknak eg\u00e9szs\u00e9gbiztos\u00edt\u00e1ssal kell rendelkezni\u00fck. Ennek int\u00e9z\u00e9s\u00e9t az iskola is v\u00e1llalhatja. Az \u00edr bev\u00e1ndorl\u00e1si hat\u00f3s\u00e1gok bizonyos el\u0151\u00edr\u00e1sokat alkalmazhatnak; k\u00e9rj\u00fck, tekintse meg az al\u00e1bbiakat:\u00a0<a href=\"https:\/\/atlanticlanguage.com\/hu\/immigration-guidelines-for-non-eea-students\/\">https:\/\/atlanticlanguage.com\/immigration-guidelines-for-non-eea-students\/<\/a>\u00a0tov\u00e1bbi inform\u00e1ci\u00f3\u00e9rt.<\/p>\n<p>Minden olyan, nem EU\/EGT-tag\u00e1llamb\u00f3l sz\u00e1rmaz\u00f3 di\u00e1knak, aki \u00edrorsz\u00e1gi angol nyelviskol\u00e1ban tanul, rendelkeznie kell tanul\u00f3v\u00e9delmi biztos\u00edt\u00e1ssal \u2013 amelyet \u00edgy neveznek: <strong>PEL<\/strong>\u00a0(Beiratkozott tanul\u00f3k v\u00e9delme). Tov\u00e1bbi inform\u00e1ci\u00f3\u00e9rt k\u00e9rj\u00fck, l\u00e9pjen kapcsolatba az iskol\u00e1val.<\/p>\n<p>Az Atlantic Centre of Education nem fedezi azokat a k\u00f6lts\u00e9geket, amelyek egy tanul\u00f3 kezel\u00e9s\u00e9nek vagy hazasz\u00e1ll\u00edt\u00e1s\u00e1nak sz\u00fcks\u00e9gess\u00e9ge miatt mer\u00fclhetnek fel.<\/p>\n<p>A hallgat\u00f3k maguk felelnek szem\u00e9lyes t\u00e1rgyaik\u00e9rt, \u00e9s javasoljuk, hogy k\u00f6ssenek biztos\u00edt\u00e1st a lemond\u00e1s, illetve a hirtelen vagy korai t\u00e1voz\u00e1s miatt felmer\u00fcl\u0151 d\u00edjak \u00e9s\/vagy k\u00f6lts\u00e9gek fedez\u00e9s\u00e9re, mivel az Atlantic Centre of Education nem t\u00e9r\u00edti vissza a kihagyott napok, a k\u00e9s\u0151i \u00e9rkez\u00e9s vagy a korai t\u00e1voz\u00e1s d\u00edj\u00e1t.<\/p>\n<h3 class=\"wp-block-heading\"><strong>Sz\u00e1ll\u00e1s vend\u00e9gl\u00e1t\u00f3 csal\u00e1dn\u00e1l<\/strong><\/h3>\n<p>A fogad\u00f3 csal\u00e1dn\u00e1l t\u00f6rt\u00e9n\u0151 elhelyez\u00e9s szombatt\u00f3l szombatig vagy vas\u00e1rnapt\u00f3l vas\u00e1rnapig tart (7 \u00e9jszaka).<\/p>\n<p>Fogad\u00f3 csal\u00e1dn\u00e1l t\u00f6rt\u00e9n\u0151 tov\u00e1bbi \u00e9jszak\u00e1k ig\u00e9nyelhet\u0151k; ezek d\u00edja \u00e9jszak\u00e1nk\u00e9nt 40 \u20ac (standard szoba) vagy 50 \u20ac (saj\u00e1t f\u00fcrd\u0151szob\u00e1s, komfort fokozat\u00fa szoba).<\/p>\n<p>A fogad\u00f3 csal\u00e1dn\u00e1l t\u00f6rt\u00e9n\u0151 elhelyez\u00e9s h\u00e9tf\u0151t\u0151l p\u00e9ntekig f\u00e9lpanzi\u00f3s (reggeli \u00e9s vacsora), h\u00e9tv\u00e9g\u00e9n pedig teljes ell\u00e1t\u00e1st (eb\u00e9ddel egy\u00fctt) biztos\u00edt.<\/p>\n<p>Amennyiben a di\u00e1k sz\u00e1ll\u00e1sad\u00f3 csal\u00e1dot szeretne v\u00e1ltani, az Atlantic Centre of Education erre csak azt k\u00f6vet\u0151en ker\u00edt sort, hogy egyeztetett a helyzetr\u0151l \u00e9s az okokr\u00f3l mind a di\u00e1kkal, mind a csal\u00e1ddal.<\/p>\n<p>A csal\u00e1dok k\u00fcl\u00f6nb\u00f6z\u0151 nemzetis\u00e9g\u0171 di\u00e1kokat is fogadhatnak. Az Atlantic Centre of Education arra t\u00f6rekszik, hogy a di\u00e1kokat olyan csal\u00e1dokn\u00e1l helyezze el, ahol m\u00e1s anyanyelv\u0171 di\u00e1kok is tart\u00f3zkodnak; a f\u0151szezonban azonban ez nem mindig val\u00f3s\u00edthat\u00f3 meg.<\/p>\n<p>A fogad\u00f3 csal\u00e1dokn\u00e1l elsz\u00e1ll\u00e1solt di\u00e1kok ruh\u00e1it hetente egyszer kimoss\u00e1k.<\/p>\n<p>A k\u00fcl\u00f6nleges k\u00e9r\u00e9seket (pl. \u00e9trenddel, h\u00e1zi\u00e1llattal, gyermekekkel stb. kapcsolatosan) m\u00e1r az eredeti foglal\u00e1s id\u0151pontj\u00e1ban jelezni kell. El\u0151fordulhat, hogy az Atlantic Centre of Education a hallgat\u00f3 elhelyez\u00e9s\u00e9t k\u00f6vet\u0151en m\u00e1r nem tud eleget tenni az ilyen jelleg\u0171 k\u00e9r\u00e9seknek. Amennyiben ugyanazon hallgat\u00f3 kapcs\u00e1n t\u00f6bb k\u00fcl\u00f6nleges k\u00e9r\u00e9s is felmer\u00fcl, az iskola fenntartja a jogot arra, hogy meghat\u00e1rozza az egyes k\u00e9r\u00e9sek fontoss\u00e1gi sorrendj\u00e9t.<\/p>\n<p>Speci\u00e1lis \u00e9tkez\u00e9si ig\u00e9nyek (pl. c\u00f6li\u00e1kia, veg\u00e1n \u00e9trend, lakt\u00f3z\u00e9rz\u00e9kenys\u00e9g stb.) eset\u00e9n 40 eur\u00f3s fel\u00e1rat sz\u00e1m\u00edtunk fel.<\/p>\n<p>A fogad\u00f3 csal\u00e1d \u00e9s a di\u00e1k k\u00f6z\u00f6tti kapcsolatra vonatkoz\u00f3an l\u00e9tezik egy magatart\u00e1si k\u00f3dex, amelyet be kell tartani. A r\u00e9szletek a di\u00e1koknak sz\u00f3l\u00f3 t\u00e1j\u00e9koztat\u00f3 f\u00fczetben (Student Handbook) tal\u00e1lhat\u00f3k meg, illetve a sz\u00e1ll\u00e1s\u00fcgyek\u00e9rt felel\u0151s munkat\u00e1rst\u00f3l is ig\u00e9nyelhet\u0151k.<\/p>\n<h3 class=\"wp-block-heading\"><strong>Intuit (QuickBooks) v\u00e9gfelhaszn\u00e1l\u00f3i meg\u00e1llapod\u00e1s<\/strong><\/h3>\n<p>Az Atlantic Centre of Education lehet\u0151s\u00e9get biztos\u00edt az Intuit QuickBooks szolg\u00e1ltat\u00e1ssal val\u00f3 \u00f6sszekapcsol\u00e1sra. A QuickBooks \u2013 valamint az ahhoz kapcsol\u00f3d\u00f3 fizet\u00e9si \u00e1tj\u00e1r\u00f3k \u2013 haszn\u00e1lat\u00e1ra kiz\u00e1r\u00f3lag az Intuit \u00e9s az \u00e9rintett szolg\u00e1ltat\u00f3k felt\u00e9telei az ir\u00e1nyad\u00f3k. Nem gyakorlunk ellen\u0151rz\u00e9st ezen szolg\u00e1ltat\u00e1sok felett, \u00e9s \u2013 a jogszab\u00e1lyok \u00e1ltal megengedett legteljesebb m\u00e9rt\u00e9kben \u2013 kiz\u00e1runk minden felel\u0151ss\u00e9get az azok haszn\u00e1lat\u00e1b\u00f3l vagy az integr\u00e1ci\u00f3 \u00d6n \u00e1ltali be\u00e1ll\u00edt\u00e1s\u00e1b\u00f3l ered\u0151 vesztes\u00e9gek\u00e9rt, k\u00e9sedelmek\u00e9rt, hib\u00e1k\u00e9rt, k\u00f6lts\u00e9gek\u00e9rt, adatkezel\u00e9si probl\u00e9m\u00e1k\u00e9rt vagy egy\u00e9b k\u00f6vetkezm\u00e9nyek\u00e9rt. A tranzakci\u00f3k \u00e9s ad\u00f3k ellen\u0151rz\u00e9se, valamint az egyeztet\u00e9s az \u00d6n felel\u0151ss\u00e9ge. Az \u201eIntuit\u201d \u00e9s a \u201eQuickBooks\u201d az Intuit Inc. v\u00e9djegyei.<\/p>\n<h3 class=\"wp-block-heading\"><strong>\u00c1ltal\u00e1nos szerz\u0151d\u00e9si felt\u00e9telek<\/strong><\/h3>\n<p>Az Atlantic Centre of Education nem v\u00e1llal felel\u0151ss\u00e9get semmilyen olyan vesztes\u00e9g\u00e9rt, k\u00e9sedelem\u00e9rt vagy baleset\u00e9rt, amely az ir\u00e1ny\u00edt\u00e1si k\u00f6r\u00e9n k\u00edv\u00fcl es\u0151, kieg\u00e9sz\u00edt\u0151 szolg\u00e1ltat\u00e1sokat ny\u00fajt\u00f3 v\u00e1llalatok vagy szem\u00e9lyek hib\u00e1ja vagy gondatlans\u00e1ga k\u00f6vetkezt\u00e9ben mer\u00fcl fel.<\/p>\n<p>Az Atlantic Centre of Education fenntartja a jogot a foglal\u00e1sok elutas\u00edt\u00e1s\u00e1ra vagy t\u00f6rl\u00e9s\u00e9re olyan esetekben, amikor az iskolai vagy sz\u00e1ll\u00e1shelyi l\u00e9tes\u00edtm\u00e9nyek nem felelnek meg a tanul\u00f3 speci\u00e1lis ig\u00e9nyeinek.<\/p>\n<p>Azokat a tanul\u00f3kat, akik \u00e9rv\u00e9nyes orvosi igazol\u00e1s vagy el\u0151zetes meg\u00e1llapod\u00e1s n\u00e9lk\u00fcl k\u00e9t h\u00e9tig vagy ann\u00e1l hosszabb ideig hi\u00e1nyoznak az \u00f3r\u00e1kr\u00f3l, kiz\u00e1rj\u00e1k a k\u00e9pz\u00e9sb\u0151l. Amennyiben egy eg\u00e9szs\u00e9g\u00fcgyi \u00e1llapot lehetetlenn\u00e9 teszi a tanul\u00f3 sz\u00e1m\u00e1ra a tanfolyam elv\u00e9gz\u00e9s\u00e9t \u2013 \u00e9s ez az \u00e1llapot m\u00e1r a foglal\u00e1s id\u0151pontj\u00e1ban is fenn\u00e1llt, de arr\u00f3l nem t\u00e1j\u00e9koztatt\u00e1k az Atlantic Centre of Educationt \u2013, az Atlantic Centre of Education semmilyen felel\u0151ss\u00e9get nem v\u00e1llal, \u00e9s d\u00edjvisszat\u00e9r\u00edt\u00e9sre nincs lehet\u0151s\u00e9g.<\/p>\n<p>Amennyiben egy tanul\u00f3 olyan nem illend\u0151 \u00e9s\/vagy nem megfelel\u0151 m\u00f3don viselkedik, amely az iskol\u00e1t vagy annak k\u00e9pvisel\u0151it rossz sz\u00ednben t\u00fcntetheti fel, illetve b\u00e1rmilyen m\u00f3don \u2013 ak\u00e1r val\u00f3s, ak\u00e1r v\u00e9lt \u2013 k\u00e1rt okozhat az iskola h\u00edrnev\u00e9ben vagy meg\u00edt\u00e9l\u00e9s\u00e9ben, \u00fagy azonnal t\u00e1voznia kell az iskol\u00e1b\u00f3l. Ilyen esetekben kiz\u00e1r\u00f3lag az Atlantic igazgat\u00f3i jogosultak d\u00f6nt\u00e9st hozni.<\/p>\n<p>S\u00falyos szab\u00e1lyszeg\u00e9s vagy az \u00edr t\u00f6rv\u00e9nyek megs\u00e9rt\u00e9se az iskol\u00e1b\u00f3l val\u00f3 azonnali elbocs\u00e1t\u00e1st vonja maga ut\u00e1n. Az ilyen k\u00f6r\u00fclm\u00e9nyek k\u00f6z\u00f6tt t\u00f6rt\u00e9n\u0151 elbocs\u00e1t\u00e1sb\u00f3l ered\u0151 k\u00f6lts\u00e9gek kiz\u00e1r\u00f3lag a tanul\u00f3t terhelik; az Atlantic semmilyen felel\u0151ss\u00e9get nem v\u00e1llal ezek\u00e9rt.<\/p>\n<p>A hallgat\u00f3 felel\u0151ss\u00e9ggel tartozik minden olyan k\u00e1r\u00e9rt vagy s\u00e9r\u00fcl\u00e9s\u00e9rt, amelyet az Atlantic Centre of Educationn\u00e9l val\u00f3 regisztr\u00e1ci\u00f3ja ideje alatt \u00e9p\u00fcletekben, b\u00fatorzatban, berendez\u00e9si t\u00e1rgyakban, szem\u00e9lyekben vagy a sz\u00e1ll\u00e1shelyen stb. okoz.<\/p>\n<p>Az Atlantic Centre of Education fenntartja a jogot arra, hogy el\u0151zetes \u00e9rtes\u00edt\u00e9s n\u00e9lk\u00fcl m\u00f3dos\u00edtsa a tanfolyam(ok) tartalm\u00e1t, id\u0151pontj\u00e1t, helysz\u00edn\u00e9t vagy egy\u00e9b r\u00e9szleteit politikai esem\u00e9nyek, term\u00e9szeti katasztr\u00f3f\u00e1k, id\u0151j\u00e1r\u00e1si k\u00f6r\u00fclm\u00e9nyek vagy a szervez\u0151k \u00e1ltal relev\u00e1nsnak \u00edt\u00e9lt egy\u00e9b esem\u00e9nyek miatt.<\/p>\n<p>Az Atlantic Centre of Education fenntartja a jogot arra, hogy tanul\u00f3kat helyezzen \u00e1t egyik telephelyr\u0151l a m\u00e1sikra tanulm\u00e1nyi vagy m\u0171k\u00f6d\u00e9si okokb\u00f3l.<\/p>\n<p>Amennyiben ezen \u00c1ltal\u00e1nos Szerz\u0151d\u00e9si Felt\u00e9telek b\u00e1rmely rendelkez\u00e9s\u00e9t nem \u00e9rv\u00e9nyes\u00edtj\u00fck, vagy annak \u00e9rv\u00e9nyes\u00edt\u00e9s\u00e9vel k\u00e9sleked\u00fcnk, ez nem akad\u00e1lyoz meg minket abban, hogy az adott rendelkez\u00e9st ut\u00f3lag \u00e9rv\u00e9nyes\u00edts\u00fck, \u00e9s nem min\u0151s\u00fcl az adott rendelkez\u00e9sr\u0151l val\u00f3 lemond\u00e1snak.<\/p>\t\t\t\t\t\t\t\t<\/div>\n\t\t\t\t<\/div>\n\t\t\t\t\t<\/div>\n\t\t\t\t<\/div>\n\t\t\t\t<\/div>","protected":false},"excerpt":{"rendered":"<p>Terms and Conditions Making a booking &amp; fee payment Bookings can be made via the online booking form at https:\/\/atlanticlanguage.com\/ The school will acknowledge all bookings within 2 working days. Atlantic Centre of Education will provide a provisional confirmation of the booking by email once the completed booking form has been received. Once the student [&hellip;]<\/p>\n","protected":false},"author":1,"featured_media":0,"parent":0,"menu_order":0,"comment_status":"closed","ping_status":"closed","template":"elementor_header_footer","meta":{"content-type":"","footnotes":""},"class_list":["post-4274","page","type-page","status-publish","hentry"],"_links":{"self":[{"href":"https:\/\/atlanticlanguage.com\/hu\/wp-json\/wp\/v2\/pages\/4274","targetHints":{"allow":["GET"]}}],"collection":[{"href":"https:\/\/atlanticlanguage.com\/hu\/wp-json\/wp\/v2\/pages"}],"about":[{"href":"https:\/\/atlanticlanguage.com\/hu\/wp-json\/wp\/v2\/types\/page"}],"author":[{"embeddable":true,"href":"https:\/\/atlanticlanguage.com\/hu\/wp-json\/wp\/v2\/users\/1"}],"replies":[{"embeddable":true,"href":"https:\/\/atlanticlanguage.com\/hu\/wp-json\/wp\/v2\/comments?post=4274"}],"version-history":[{"count":0,"href":"https:\/\/atlanticlanguage.com\/hu\/wp-json\/wp\/v2\/pages\/4274\/revisions"}],"wp:attachment":[{"href":"https:\/\/atlanticlanguage.com\/hu\/wp-json\/wp\/v2\/media?parent=4274"}],"curies":[{"name":"wp","href":"https:\/\/api.w.org\/{rel}","templated":true}]}}