{"id":3,"date":"2025-06-03T09:59:31","date_gmt":"2025-06-03T09:59:31","guid":{"rendered":"https:\/\/staging.atlanticlanguage.com\/?page_id=3"},"modified":"2026-02-20T12:14:10","modified_gmt":"2026-02-20T12:14:10","slug":"privacy-policy","status":"publish","type":"page","link":"https:\/\/atlanticlanguage.com\/hu\/privacy-policy\/","title":{"rendered":"Adatv\u00e9delmi szab\u00e1lyzat"},"content":{"rendered":"<div data-elementor-type=\"wp-page\" data-elementor-id=\"3\" class=\"elementor elementor-3\" data-elementor-settings=\"{&quot;ha_cmc_init_switcher&quot;:&quot;no&quot;}\" data-elementor-post-type=\"page\">\n\t\t\t\t<div class=\"elementor-element elementor-element-4cbc43d0 e-flex e-con-boxed e-con e-parent\" data-id=\"4cbc43d0\" data-element_type=\"container\" data-e-type=\"container\" data-settings=\"{&quot;background_background&quot;:&quot;classic&quot;,&quot;_ha_eqh_enable&quot;:false}\">\n\t\t\t\t\t<div class=\"e-con-inner\">\n\t\t<div class=\"elementor-element elementor-element-62d24072 e-con-full e-flex e-con e-child\" data-id=\"62d24072\" data-element_type=\"container\" data-e-type=\"container\" data-settings=\"{&quot;_ha_eqh_enable&quot;:false}\">\n\t\t\t\t<div class=\"elementor-element elementor-element-21f64faa elementor-widget elementor-widget-heading\" data-id=\"21f64faa\" data-element_type=\"widget\" data-e-type=\"widget\" data-widget_type=\"heading.default\">\n\t\t\t\t<div class=\"elementor-widget-container\">\n\t\t\t\t\t<h2 class=\"elementor-heading-title elementor-size-default\">Az Atlantic Centre of Education adatv\u00e9delmi nyilatkozata<\/h2>\t\t\t\t<\/div>\n\t\t\t\t<\/div>\n\t\t\t\t<\/div>\n\t\t\t\t\t<\/div>\n\t\t\t\t<\/div>\n\t\t<div class=\"elementor-element elementor-element-67f5341e e-flex e-con-boxed e-con e-parent\" data-id=\"67f5341e\" data-element_type=\"container\" data-e-type=\"container\" data-settings=\"{&quot;_ha_eqh_enable&quot;:false}\">\n\t\t\t\t\t<div class=\"e-con-inner\">\n\t\t\t\t<div class=\"elementor-element elementor-element-4ceeb92d elementor-widget elementor-widget-text-editor\" data-id=\"4ceeb92d\" data-element_type=\"widget\" data-e-type=\"widget\" data-widget_type=\"text-editor.default\">\n\t\t\t\t<div class=\"elementor-widget-container\">\n\t\t\t\t\t\t\t\t\t<p><\/p>\n<h4 class=\"wp-block-heading\"><strong>Adatv\u00e9delmi szab\u00e1lyzat \u00e9s adatkezel\u00e9si t\u00e1j\u00e9koztat\u00f3<\/strong>\u00a0<strong>Atlantic Centre of Education<\/strong><\/h4>\n<p>\u00a0<\/p>\n<p><strong>A. R\u00c9SZ: \u00c1LTAL\u00c1NOS ADATV\u00c9DELMI SZAB\u00c1LYZAT<\/strong><\/p>\n<p>\u00a0<\/p>\n<p><strong>\u00a0<\/strong><\/p>\n<p><strong>John Daly Atlantic Language Galway Ltd. (Atlanti Oktat\u00e1si K\u00f6zpont)\u00a0<\/strong>Angol nyelvoktat\u00e1si programokat \u00e9s szolg\u00e1ltat\u00e1sokat ny\u00fajtunk, bele\u00e9rtve a szintfelm\u00e9r\u00e9st, a csoportbeoszt\u00e1st, a vizsg\u00e1ztat\u00e1st, a kutat\u00e1st, a sz\u00e1ll\u00e1sbiztos\u00edt\u00e1st, valamint a k\u00f6z\u00f6ss\u00e9gi programokat \u00e9s kir\u00e1ndul\u00e1sokat. Elk\u00f6telezettek vagyunk szem\u00e9lyes adatainak v\u00e9delme mellett, az \u00c1ltal\u00e1nos Adatv\u00e9delmi Rendelet (GDPR) \u00e9s az \u00edr adatv\u00e9delmi jogszab\u00e1lyok betart\u00e1s\u00e1val.<\/p>\n<p><strong>C\u00e9gadatok<\/strong>:John Daly Atlantic Language Galway Ltd. (Atlanti Oktat\u00e1si K\u00f6zpont)<span style=\"font-weight: bolder;\">\u00a0<\/span>(IE319926), Fairgreen House, Fairgreen Road, Galway, H91 AXK8, \u00cdrorsz\u00e1g<\/p>\n<p>\u00a0<\/p>\n<p><strong>Milyen szem\u00e9lyes adatokat gy\u0171jt\u00fcnk<\/strong><\/p>\n<p>Att\u00f3l f\u00fcgg\u0151en, hogyan l\u00e9p vel\u00fcnk kapcsolatba, k\u00fcl\u00f6nb\u00f6z\u0151 adatokat gy\u0171jthet\u00fcnk \u00d6nr\u0151l:<\/p>\n<ul>\n<li><strong>Marketing-be\u00e1ll\u00edt\u00e1sok<\/strong>\u00a0\u2013 term\u00e9keink \u00e9s szolg\u00e1ltat\u00e1saink ir\u00e1nti \u00e9rdekl\u0151d\u00e9s<\/li>\n<li><strong>Azonos\u00edt\u00e1s<\/strong>\u00a0\u2013 n\u00e9v, \u00e9letkor, nem \u00e9s azonos\u00edt\u00f3 adatok<\/li>\n<li><strong>El\u00e9rhet\u0151s\u00e9gek<\/strong>\u00a0\u2013 kommunik\u00e1ci\u00f3s c\u00e9lokra<\/li>\n<li><strong>Beiratkoz\u00e1si tudnival\u00f3k<\/strong>\u00a0\u2013 anyanyelv, kurzuspreferenci\u00e1k, el\u0151rehalad\u00e1s, speci\u00e1lis ig\u00e9nyek, visszajelz\u00e9sek \u00e9s k\u00e9rd\u0151\u00edves v\u00e1laszok<\/li>\n<li><strong>M\u0171szaki adatok<\/strong>\u00a0\u2013 IP-c\u00edm, bejelentkez\u00e9si adatok, b\u00f6ng\u00e9sz\u0151t\u00edpus tesztel\u00e9si szolg\u00e1ltat\u00e1sokhoz vagy Wi-Fi-szolg\u00e1ltat\u00e1shoz<\/li>\n<li><strong>Images<\/strong>\u00a0\u2013 az \u00d6n hozz\u00e1j\u00e1rul\u00e1s\u00e1val, tev\u00e9kenys\u00e9geken vagy rendezv\u00e9nyeken val\u00f3 r\u00e9szv\u00e9tel eset\u00e9n<\/li>\n<li><strong>Milyen szem\u00e9lyes adatokat gy\u0171jt\u00fcnk?<\/strong><\/li>\n<\/ul>\n<p><strong>Hogyan gy\u0171jtj\u00fck a szem\u00e9lyes adatokat<\/strong><\/p>\n<p>Szem\u00e9lyes adatokat gy\u0171jthet\u00fcnk \u00d6nr\u0151l, amikor:<\/p>\n<div>\n<ul>\n<li>\n<div>K\u00e9rjen t\u00e1j\u00e9koztat\u00e1st vagy tegyen fel k\u00e9rd\u00e9seket szolg\u00e1ltat\u00e1sainkkal kapcsolatban.<\/div>\n<\/li>\n<li>\n<div>T\u00f6ltse ki a regisztr\u00e1ci\u00f3s\/\u00e9rdekl\u0151d\u00e9si \u0171rlapokat, vagy foglaljon<\/div>\n<\/li>\n<li>\n<div>L\u00e1togasson el weboldalainkra, vagy vegye ig\u00e9nybe webalap\u00fa szolg\u00e1ltat\u00e1sainkat.<\/div>\n<\/li>\n<li>\n<div>Vegyen r\u00e9szt versenyeken vagy t\u00e1j\u00e9koztat\u00f3kon.<\/div>\n<\/li>\n<li>\n<div>L\u00e9pjen vel\u00fcnk kapcsolatba k\u00f6z\u00f6ss\u00e9gi m\u00e9di\u00e1n, e-mailben vagy egy\u00e9b kommunik\u00e1ci\u00f3s csatorn\u00e1kon kereszt\u00fcl.<\/div>\n<\/li>\n<li>\n<div>L\u00e1togasson el iskol\u00e1nk telephelyeire di\u00e1kk\u00e9nt vagy l\u00e1togat\u00f3k\u00e9nt.<\/div>\n<\/li>\n<\/ul>\n<\/div>\n<p><strong>Hogyan haszn\u00e1ljuk fel a szem\u00e9lyes adatokat<\/strong><\/p>\n<p>Szem\u00e9lyes adatokat az al\u00e1bbiak alapj\u00e1n kezel\u00fcnk:<\/p>\n<div>\n<ul>\n<li>\n<div>Az \u00d6n \u00e1ltal adott hozz\u00e1j\u00e1rul\u00e1s<\/div>\n<\/li>\n<li>\n<div>Szerz\u0151d\u00e9ses sz\u00e1ll\u00edt\u00e1si k\u00f6vetelm\u00e9nyek<\/div>\n<\/li>\n<li>\n<div>L\u00e9tfontoss\u00e1g\u00fa \u00e9rdekek v\u00e9delme<\/div>\n<\/li>\n<li>\n<div>Jogi k\u00f6telezetts\u00e9gek vagy k\u00f6zjogi felel\u0151ss\u00e9gek<\/div>\n<\/li>\n<li>\n<div>Jogos \u00fczleti \u00e9rdekek<\/div>\n<\/li>\n<\/ul>\n<\/div>\n<p>Az \u00d6n adatait az al\u00e1bbi c\u00e9lokra haszn\u00e1ljuk fel:<\/p>\n<div>\n<ul>\n<li>\n<div>Ny\u00fajtson t\u00e1j\u00e9koztat\u00e1st a term\u00e9kekr\u0151l \u00e9s szolg\u00e1ltat\u00e1sokr\u00f3l.<\/div>\n<\/li>\n<li>\n<div>Szerz\u0151d\u00e9s szerinti szolg\u00e1ltat\u00e1sok teljes\u00edt\u00e9se<\/div>\n<\/li>\n<li>\n<div>Aj\u00e1nlataink monitoroz\u00e1sa, fejleszt\u00e9se \u00e9s jav\u00edt\u00e1sa<\/div>\n<\/li>\n<li>\n<div>K\u00fcldj\u00f6n t\u00e1j\u00e9koztat\u00f3 anyagokat tev\u00e9kenys\u00e9geinkr\u0151l<\/div>\n<\/li>\n<\/ul>\n<\/div>\n<p><strong>Hogyan osztjuk meg a szem\u00e9lyes adatokat<\/strong><\/p>\n<p>A John Daly Atlantic Language Galway Ltd. (Atlantic Centre of Education) kiz\u00e1r\u00f3lag akkor oszthat meg szem\u00e9lyes adatokat, ha erre az al\u00e1bbiak miatt sz\u00fcks\u00e9g van:<\/p>\n<div>\n<ul>\n<li>\n<div>L\u00e9pjen kapcsolatba felhatalmazott felekkel \u2013 p\u00e9ld\u00e1ul az \u00d6n nev\u00e9ben elj\u00e1r\u00f3 megb\u00edzottakkal \u2013,<\/div>\n<\/li>\n<li>\n<div>Olyan term\u00e9kek vagy szolg\u00e1ltat\u00e1sok \u00e1tad\u00e1sa, illetve \u00e1tad\u00e1s\u00e1nak lehet\u0151v\u00e9 t\u00e9tele, amelyekre \u00d6nnel vagy az \u00d6n nev\u00e9ben szerz\u0151d\u00e9st k\u00f6t\u00f6tt\u00fcnk;<\/div>\n<\/li>\n<li>\n<div>Meg kell felelni a szab\u00e1lyoz\u00f3 hat\u00f3s\u00e1gok, a bev\u00e1ndorl\u00e1si vagy egy\u00e9b korm\u00e1nyzati szervek k\u00f6vetelm\u00e9nyeinek, illetve a jogszab\u00e1lyi el\u0151\u00edr\u00e1soknak.<\/div>\n<\/li>\n<\/ul>\n<\/div>\n<p><strong>Adat\u00e1tvitel<\/strong><\/p>\n<p>\u00c1ltal\u00e1nos esetben nem tov\u00e1bb\u00edtunk adatokat az EU\/EGT ter\u00fclet\u00e9n k\u00edv\u00fclre. Amennyiben az EU\/EGT-n k\u00edv\u00fclre t\u00f6rt\u00e9n\u0151 adattov\u00e1bb\u00edt\u00e1sra m\u00e9gis sz\u00fcks\u00e9g van, megfelel\u0151 v\u00e9delmi int\u00e9zked\u00e9seket alkalmazunk az adatbiztons\u00e1g garant\u00e1l\u00e1sa \u00e9rdek\u00e9ben.<\/p>\n<p>\u00a0<\/p>\n<p><strong>QuickBooks (Intuit) sz\u00e1ml\u00e1z\u00e1s \u00e9s fizet\u00e9sek<\/strong><\/p>\n<p data-start=\"165\" data-end=\"677\">Az Intuit QuickBooks programot haszn\u00e1ljuk sz\u00e1ml\u00e1k gener\u00e1l\u00e1s\u00e1ra \u00e9s adott esetben a fizet\u00e9sek beszed\u00e9s\u00e9nek megk\u00f6nny\u00edt\u00e9s\u00e9re. Erre a c\u00e9lra,<strong>\u00a0<\/strong>A John Daly Atlantic Language Galway Ltd. (Atlantic Centre of Education) kiz\u00e1r\u00f3lag a sz\u00e1mla ki\u00e1ll\u00edt\u00e1s\u00e1hoz sz\u00fcks\u00e9ges minim\u00e1lis adatokat kezeli \u2013 <strong data-start=\"367\" data-end=\"436\">az \u00d6n neve \u00e9s a sz\u00e1mla ki\u00e1ll\u00edt\u00e1s\u00e1hoz sz\u00fcks\u00e9ges tanfolyami adatok<\/strong>. Mi <strong data-start=\"441\" data-end=\"509\">nem gy\u0171jt \u00e9s nem t\u00e1rol semmilyen fizet\u00e9si k\u00e1rtya- vagy banksz\u00e1mla-adatot<\/strong> ...rendszereinkben. Az \u00d6n \u00e1ltal megadott fizet\u00e9si adatokat k\u00f6zvetlen\u00fcl a QuickBooks \u00e9s\/vagy az \u00e9rintett fizet\u00e9si szolg\u00e1ltat\u00f3 dolgozza fel, saj\u00e1t felt\u00e9teleik \u00e9s adatv\u00e9delmi t\u00e1j\u00e9koztat\u00f3juk alapj\u00e1n.<\/p>\n<p data-start=\"679\" data-end=\"876\"><strong data-start=\"679\" data-end=\"705\">Jogalap (\u00cdrorsz\u00e1g):<\/strong> Az adatkezel\u00e9s az \u00d6nnel k\u00f6t\u00f6tt szerz\u0151d\u00e9s\u00fcnk teljes\u00edt\u00e9s\u00e9hez (a kurzus biztos\u00edt\u00e1sa \u00e9s a sz\u00e1ml\u00e1k ki\u00e1ll\u00edt\u00e1sa), valamint a vonatkoz\u00f3 jogszab\u00e1lyoknak val\u00f3 megfelel\u00e9shez sz\u00fcks\u00e9ges. <strong data-start=\"827\" data-end=\"836\">\u00edr<\/strong> jogi k\u00f6telezetts\u00e9gek (ad\u00f3\u00fcgyi \u00e9s sz\u00e1mviteli).<\/p>\n<p data-start=\"878\" data-end=\"1291\"><strong data-start=\"878\" data-end=\"892\">Visszatart\u00e1s:<\/strong> A sz\u00e1ml\u00e1z\u00e1si adatokat (amelyek tartalmazhatj\u00e1k az \u00d6n nev\u00e9t \u00e9s a tanfolyam r\u00e9szleteit) addig \u0151rizz\u00fck meg, ameddig azt az al\u00e1bbiak el\u0151\u00edrj\u00e1k: <strong data-start=\"1000\" data-end=\"1017\">\u00cdr ad\u00f3jog<\/strong>\u2014<strong data-start=\"1018\" data-end=\"1051\">jellemz\u0151en legfeljebb hat (6) \u00e9v<\/strong>Ez \u00f6sszhangban van a t\u00f6rv\u00e9nyben el\u0151\u00edrt nyilv\u00e1ntart\u00e1si k\u00f6telezetts\u00e9gekkel. <strong data-start=\"1112\" data-end=\"1144\">Az 1997. \u00e9vi ad\u00f3jogi egys\u00e9ges\u00edt\u00e9si t\u00f6rv\u00e9ny<\/strong> \u00e9s az \u00edr h\u00e9aszab\u00e1lyok. Bizonyos esetekben (pl. folyamatban l\u00e9v\u0151 vizsg\u00e1latok vagy fellebbez\u00e9sek eset\u00e9n) sz\u00fcks\u00e9g lehet a nyilv\u00e1ntart\u00e1sok hosszabb ideig t\u00f6rt\u00e9n\u0151 meg\u0151rz\u00e9s\u00e9re.\u00a0<\/p>\n<p data-start=\"1293\" data-end=\"1494\"><strong data-start=\"1293\" data-end=\"1321\">Nemzetk\u00f6zi \u00e1tutal\u00e1sok:<\/strong> A QuickBooks \u00e9s\/vagy alfeldolgoz\u00f3i \u00cdrorsz\u00e1gon vagy az EGT-n k\u00edv\u00fcl is kezelhetnek adatokat. Ilyen esetben megfelel\u0151 biztos\u00edt\u00e9kokat (p\u00e9ld\u00e1ul az EU \u00e1ltal\u00e1nos szerz\u0151d\u00e9si felt\u00e9teleit) alkalmaznak.<\/p>\n<p>\u00a0<\/p>\n<p><strong>Adatmeg\u0151rz\u00e9si id\u0151szakok<\/strong><\/p>\n<div>\n<ul>\n<li><strong>Tanul\u00f3i nyilv\u00e1ntart\u00e1s<\/strong>\u00a0\u2013 5 \u00e9v<\/li>\n<li><strong>K\u00e9pek\/vide\u00f3k<\/strong>\u00a0\u2013 2 \u00e9v<\/li>\n<li><strong>K\u00f6zvetlen megkeres\u00e9sek<\/strong>\u00a0(nincs tov\u00e1bbi kapcsolat) \u2013 1 \u00e9v<\/li>\n<li><strong>Levelez\u0151list\u00e1s tags\u00e1g<\/strong>\u00a0\u2013 2 \u00e9v<\/li>\n<\/ul>\n<\/div>\n<h5>\u00a0<\/h5>\n<h5><strong>Az \u00d6n jogai<\/strong><\/h5>\n<p><strong>Lehet\u0151s\u00e9ged van r\u00e1<\/strong>:<\/p>\n<ul>\n<li>Ig\u00e9nyelje szem\u00e9lyes adatainak m\u00e1solat\u00e1t<\/li>\n<li>\u00c9rdekl\u0151dj\u00f6n arr\u00f3l, hogyan gy\u0171jtj\u00fck, dolgozzuk fel vagy osztjuk meg adatait.<\/li>\n<li>K\u00e9rje adatai kezel\u00e9s\u00e9nek korl\u00e1toz\u00e1s\u00e1t, friss\u00edt\u00e9s\u00e9t vagy t\u00f6rl\u00e9s\u00e9t.<\/li>\n<li>L\u00e9pjen kapcsolatba adatv\u00e9delmi tisztvisel\u0151nkkel:\u00a0<a href=\"mailto:data.officer@atlantic.ac\">data.officer@atlantic.ac<\/a><\/li>\n<\/ul>\n<div>\u00a0<\/div>\n<p><strong>Hogyan haszn\u00e1ljuk a s\u00fctiket<\/strong><\/p>\n<p>Weboldalaink s\u00fctiket haszn\u00e1lnak a felhaszn\u00e1l\u00f3i \u00e9lm\u00e9ny szem\u00e9lyre szab\u00e1sa \u00e9rdek\u00e9ben. Ezeket a b\u00f6ng\u00e9sz\u0151 be\u00e1ll\u00edt\u00e1saiban letilthatja, b\u00e1r ez korl\u00e1tozhatja a weboldal m\u0171k\u00f6d\u00e9s\u00e9t.<\/p>\n<div aria-hidden=\"true\">\u00a0<\/div>\n<p><strong>B. R\u00c9SZ: HALLGAT\u00d3I BEV\u00c1NDORL\u00c1SI REGISZTR\u00c1CI\u00d3S SZAB\u00c1LYZAT<\/strong><\/p>\n<p><em>Nem EU\/EGT\/Sv\u00e1jc\/EFTA-tag\u00e1llamb\u00f3l \u00e9rkez\u0151 hallgat\u00f3k sz\u00e1m\u00e1ra<\/em><\/p>\n<p>\u00a0<\/p>\n<p><strong>Adatmegoszt\u00e1s a bev\u00e1ndorl\u00e1si hat\u00f3s\u00e1gokkal<\/strong><\/p>\n<p>Az \u00edrorsz\u00e1gi tanulm\u00e1nyok folytat\u00e1s\u00e1nak felt\u00e9telek\u00e9nt a nem EU\/EGT\/Sv\u00e1jc\/EFTA-tag\u00e1llamokb\u00f3l \u00e9rkez\u0151 di\u00e1koknak meg kell felelni\u00fck a bev\u00e1ndorl\u00e1si el\u0151\u00edr\u00e1soknak. A John Daly Atlantic Language Galway Ltd. (Atlantic Centre of Education) bizonyos adatokat oszt meg az Igazs\u00e1g\u00fcgyi, Bel\u00fcgyi \u00e9s Migr\u00e1ci\u00f3s Miniszt\u00e9riummal a tart\u00f3zkod\u00e1si enged\u00e9ly felt\u00e9teleinek val\u00f3 megfelel\u00e9s ellen\u0151rz\u00e9se \u00e9rdek\u00e9ben.<\/p>\n<p>\u00a0<\/p>\n<p><strong>Jogi keretrendszer<\/strong><\/p>\n<p>Ez az adatmegoszt\u00e1s az Igazs\u00e1g\u00fcgyi Miniszt\u00e9riummal k\u00f6t\u00f6tt, adatkezel\u0151k k\u00f6z\u00f6tti adatmegoszt\u00e1si meg\u00e1llapod\u00e1s keret\u00e9ben t\u00f6rt\u00e9nik, amelyet az al\u00e1bbiak szab\u00e1lyoznak:<\/p>\n<div>\n<ul>\n<li>A GDPR 6. cikke (1) bekezd\u00e9s\u00e9nek e) pontja (k\u00f6z\u00e9rdek)<\/li>\n<li>A 2018. \u00e9vi adatv\u00e9delmi t\u00f6rv\u00e9ny 38. \u00a7 (1) bekezd\u00e9s\u00e9nek a) pontja<\/li>\n<li>Az 1924. \u00e9vi miniszterekr\u0151l \u00e9s \u00e1llamtitk\u00e1rokr\u00f3l sz\u00f3l\u00f3 t\u00f6rv\u00e9ny<\/li>\n<\/ul>\n<\/div>\n<p><strong>Megosztott bev\u00e1ndorl\u00e1si adatok:<\/strong><\/p>\n<p><strong>Beiratkoz\u00e1si adatok<\/strong>\u00a0(a beiratkoz\u00e1skor beny\u00fajtand\u00f3):<\/p>\n<div>\n<ul>\n<li>Teljes n\u00e9v, sz\u00fclet\u00e9si id\u0151, \u00e1llampolg\u00e1rs\u00e1g<\/li>\n<li>C\u00edm<\/li>\n<li>A kurzus megnevez\u00e9se \u00e9s az ILEP\/TrustEd kurzusk\u00f3d<\/li>\n<li>Beiratkoz\u00e1s \u00e9s a tanfolyam kezd\u0151 id\u0151pontja<\/li>\n<\/ul>\n<\/div>\n<p><strong>R\u00e9szv\u00e9teli adatok<\/strong>\u00a0(szok\u00e1sos m\u00f3don beny\u00fajtva):<\/p>\n<div>\n<ul>\n<li>Teljes n\u00e9v, sz\u00fclet\u00e9si id\u0151, \u00e1llampolg\u00e1rs\u00e1g<\/li>\n<li>C\u00edm<\/li>\n<li>A tanfolyam kezd\u00e9si \u00e9s befejez\u00e9si d\u00e1tuma<\/li>\n<li>R\u00e9szv\u00e9teli ar\u00e1ny<\/li>\n<li>Adott esetben: kiz\u00e1r\u00e1s oka, kiz\u00e1r\u00e1s d\u00e1tuma, utols\u00f3 r\u00e9szv\u00e9tel d\u00e1tuma<\/li>\n<li>\u00c9rtes\u00edt\u00e9sek a visszavon\u00e1sr\u00f3l \u00e9s az \u00cdrorsz\u00e1gb\u00f3l val\u00f3 t\u00e1voz\u00e1s id\u0151pontjai<\/li>\n<\/ul>\n<\/div>\n<p><strong>Hogyan tov\u00e1bb\u00edtj\u00e1k a bev\u00e1ndorl\u00e1si adatokat?<\/strong>:<\/p>\n<div>\n<ul>\n<li>Biztons\u00e1gos e-mailben k\u00fcld\u00f6tt, jelsz\u00f3val v\u00e9dett t\u00e1bl\u00e1zatok<\/li>\n<li>Biztons\u00e1gos eDocs-platformon t\u00e1rolva<\/li>\n<li>Hozz\u00e1f\u00e9r\u00e9s csak az Igazs\u00e1g\u00fcgyi Miniszt\u00e9rium felhatalmazott tisztvisel\u0151i sz\u00e1m\u00e1ra<\/li>\n<\/ul>\n<\/div>\n<p><strong>A bev\u00e1ndorl\u00e1si adatok megoszt\u00e1s\u00e1nak c\u00e9lja<\/strong><\/p>\n<p>Annak igazol\u00e1s\u00e1ra, hogy \u00d6n:<\/p>\n<div>\n<ul>\n<li>A regisztr\u00e1lt k\u00e9pz\u00e9sen val\u00f3 r\u00e9szv\u00e9tel<\/li>\n<li>A bev\u00e1ndorl\u00e1si enged\u00e9ly felt\u00e9teleinek val\u00f3 megfelel\u00e9s<\/li>\n<li>A tart\u00f3zkod\u00e1si enged\u00e9lyre vonatkoz\u00f3 k\u00f6vetelm\u00e9nyek betart\u00e1sa<\/li>\n<\/ul>\n<\/div>\n<p><strong>Adatbiztons\u00e1g a bev\u00e1ndorl\u00e1si c\u00e9l\u00fa adatmegoszt\u00e1s sor\u00e1n<\/strong><\/p>\n<div>\n<ul>\n<li>Titkos\u00edtott tov\u00e1bb\u00edt\u00e1s \u00e9s t\u00e1rol\u00e1s<\/li>\n<li>24 \u00f3r\u00e1s adatv\u00e9delmi incidens-bejelent\u00e9si elj\u00e1r\u00e1sok<\/li>\n<li>Rendszeres biztons\u00e1gi fel\u00fclvizsg\u00e1latok \u00e9s munkat\u00e1rsi k\u00e9pz\u00e9sek<\/li>\n<li>Hozz\u00e1f\u00e9r\u00e9s a legkisebb jogosults\u00e1g elve alapj\u00e1n<\/li>\n<\/ul>\n<\/div>\n<p><strong>Bev\u00e1ndorl\u00e1si adatokkal kapcsolatos jogai<\/strong><\/p>\n<div>\n<ul>\n<li>A bev\u00e1ndorl\u00e1si hat\u00f3s\u00e1gokkal megosztott adatokhoz val\u00f3 hozz\u00e1f\u00e9r\u00e9s joga<\/li>\n<li>A pontatlan inform\u00e1ci\u00f3k helyesb\u00edt\u00e9s\u00e9hez val\u00f3 jog<\/li>\n<li>Tiltakoz\u00e1shoz val\u00f3 jog (ahol ezt jogszab\u00e1ly lehet\u0151v\u00e9 teszi)<\/li>\n<li>Az Adatv\u00e9delmi Bizotts\u00e1gn\u00e1l t\u00f6rt\u00e9n\u0151 panaszbeny\u00fajt\u00e1s joga<\/li>\n<\/ul>\n<\/div>\n<p><strong>Meg\u00e1llapod\u00e1s fel\u00fclvizsg\u00e1lata<\/strong><\/p>\n<p>A bev\u00e1ndorl\u00e1si adatok megoszt\u00e1s\u00e1r\u00f3l sz\u00f3l\u00f3 meg\u00e1llapod\u00e1st k\u00e9t\u00e9vente fel\u00fclvizsg\u00e1lj\u00e1k, hogy biztos\u00edts\u00e1k a folyamatos megfelel\u00e9st \u00e9s eredm\u00e9nyess\u00e9get.<\/p>\n<p>\u00a0<\/p>\n<p><strong>El\u00e9rhet\u0151s\u00e9gek<\/strong><\/p>\n<p>\u00a0<\/p>\n<div>\n<ul>\n<li><strong>\u00c1ltal\u00e1nos adatv\u00e9delmi k\u00e9rd\u00e9sek<\/strong>:\u00a0<a href=\"mailto:data.officer@atlantic.ac\">data.officer<\/a>@angela-aarts<\/li>\n<li><strong>Bev\u00e1ndorl\u00e1si regisztr\u00e1ci\u00f3val kapcsolatos k\u00e9rd\u00e9sek<\/strong>:\u00a0<a href=\"mailto:regofficecustomerservice@justice.ie\">regofficecustomerservice@justice.ie<\/a><\/li>\n<li><strong>Adatv\u00e9delmi biztos<\/strong>:\u00a0<a href=\"http:\/\/www.dataprotection.ie\/\">www.dataprotection.ie<\/a><\/li>\n<\/ul>\n<\/div>\n<p><strong>M\u00f3dos\u00edt\u00e1sok<\/strong><\/p>\n<p>A John Daly Atlantic Language Galway Ltd. (Atlantic Centre of Education) fenntartja a jogot jelen adatv\u00e9delmi nyilatkozat m\u00f3dos\u00edt\u00e1s\u00e1ra. K\u00e9rj\u00fck, rendszeresen ellen\u0151rizze az esetleges friss\u00edt\u00e9seket.<\/p>\n<p><strong>Jogi nyilatkozat<\/strong><\/p>\n<p>A John Daly Atlantic Language Galway Ltd. (Atlantic Centre of Education) nem v\u00e1llal felel\u0151ss\u00e9get olyan ig\u00e9nyek\u00e9rt, amelyek a szem\u00e9lyes adatok jelen adatv\u00e9delmi nyilatkozattal \u00e9s az \u00d6n hozz\u00e1j\u00e1rul\u00e1s\u00e1val \u00f6sszhangban t\u00f6rt\u00e9n\u0151 felhaszn\u00e1l\u00e1s\u00e1b\u00f3l erednek. A hivatkozott weboldalak felett nincs ellen\u0151rz\u00e9s\u00fcnk, \u00e9s nem v\u00e1llalunk felel\u0151ss\u00e9get azok adatv\u00e9delmi gyakorlat\u00e1\u00e9rt.<\/p>\t\t\t\t\t\t\t\t<\/div>\n\t\t\t\t<\/div>\n\t\t\t\t\t<\/div>\n\t\t\t\t<\/div>\n\t\t\t\t<\/div>","protected":false},"excerpt":{"rendered":"<p>Atlantic Centre of Education Privacy Statement Data Protection Policy and Privacy Statement\u00a0Atlantic Centre of Education \u00a0 PART A: GENERAL DATA PROTECTION POLICY \u00a0 \u00a0 John Daly Atlantic Language Galway Ltd. (Atlantic Centre of Education)\u00a0is a provider of English language education programmes and services including assessment, placement, examinations, research, accommodation, social activities and excursions. We are [&hellip;]<\/p>\n","protected":false},"author":1,"featured_media":0,"parent":0,"menu_order":0,"comment_status":"closed","ping_status":"open","template":"","meta":{"content-type":"","footnotes":""},"class_list":["post-3","page","type-page","status-publish","hentry"],"_links":{"self":[{"href":"https:\/\/atlanticlanguage.com\/hu\/wp-json\/wp\/v2\/pages\/3","targetHints":{"allow":["GET"]}}],"collection":[{"href":"https:\/\/atlanticlanguage.com\/hu\/wp-json\/wp\/v2\/pages"}],"about":[{"href":"https:\/\/atlanticlanguage.com\/hu\/wp-json\/wp\/v2\/types\/page"}],"author":[{"embeddable":true,"href":"https:\/\/atlanticlanguage.com\/hu\/wp-json\/wp\/v2\/users\/1"}],"replies":[{"embeddable":true,"href":"https:\/\/atlanticlanguage.com\/hu\/wp-json\/wp\/v2\/comments?post=3"}],"version-history":[{"count":9,"href":"https:\/\/atlanticlanguage.com\/hu\/wp-json\/wp\/v2\/pages\/3\/revisions"}],"predecessor-version":[{"id":7801,"href":"https:\/\/atlanticlanguage.com\/hu\/wp-json\/wp\/v2\/pages\/3\/revisions\/7801"}],"wp:attachment":[{"href":"https:\/\/atlanticlanguage.com\/hu\/wp-json\/wp\/v2\/media?parent=3"}],"curies":[{"name":"wp","href":"https:\/\/api.w.org\/{rel}","templated":true}]}}